{"id":3583,"date":"2022-06-14T11:29:19","date_gmt":"2022-06-14T11:29:19","guid":{"rendered":"https:\/\/lenser-praezision.de\/azienda\/"},"modified":"2024-11-07T10:23:21","modified_gmt":"2024-11-07T10:23:21","slug":"azienda","status":"publish","type":"page","link":"https:\/\/lenser-praezision.de\/it\/azienda\/","title":{"rendered":"L&#8217;azienda"},"content":{"rendered":"\t\t<div data-elementor-type=\"wp-page\" data-elementor-id=\"3583\" class=\"elementor elementor-3583 elementor-2173\">\n\t\t\t\t\t\t<section class=\"elementor-section elementor-top-section elementor-element elementor-element-f62a59f elementor-section-boxed elementor-section-height-default elementor-section-height-default wpr-particle-no wpr-jarallax-no wpr-parallax-no wpr-sticky-section-no\" data-id=\"f62a59f\" data-element_type=\"section\" data-settings=\"{&quot;background_background&quot;:&quot;classic&quot;}\">\n\t\t\t\t\t\t\t<div class=\"elementor-background-overlay\"><\/div>\n\t\t\t\t\t\t\t<div class=\"elementor-container elementor-column-gap-no\">\n\t\t\t\t\t<div class=\"elementor-column elementor-col-100 elementor-top-column elementor-element elementor-element-ff9fe56\" data-id=\"ff9fe56\" data-element_type=\"column\">\n\t\t\t<div class=\"elementor-widget-wrap elementor-element-populated\">\n\t\t\t\t\t\t<div class=\"elementor-element elementor-element-f76db60 elementor-widget elementor-widget-heading\" data-id=\"f76db60\" data-element_type=\"widget\" data-widget_type=\"heading.default\">\n\t\t\t\t<div class=\"elementor-widget-container\">\n\t\t\t<h1 class=\"elementor-heading-title elementor-size-default\">L'azienda<\/h1>\t\t<\/div>\n\t\t\t\t<\/div>\n\t\t\t\t<div class=\"elementor-element elementor-element-f657692 elementor-widget elementor-widget-heading\" data-id=\"f657692\" data-element_type=\"widget\" data-widget_type=\"heading.default\">\n\t\t\t\t<div class=\"elementor-widget-container\">\n\t\t\t<h5 class=\"elementor-heading-title elementor-size-default\"><br><br>Lenser Pr\u00e4zisionstechnik GmbH \u00e8 leader internazionale nella produzione di piastre di riscaldamento e raffreddamento per presse idrauliche a Senden an der Iller, nella zona di Ulm.<\/h5>\t\t<\/div>\n\t\t\t\t<\/div>\n\t\t\t\t<div class=\"elementor-element elementor-element-365d5e6 elementor-widget elementor-widget-button\" data-id=\"365d5e6\" data-element_type=\"widget\" data-settings=\"{&quot;_animation&quot;:&quot;none&quot;}\" data-widget_type=\"button.default\">\n\t\t\t\t<div class=\"elementor-widget-container\">\n\t\t\t\t\t<div class=\"elementor-button-wrapper\">\n\t\t\t<a class=\"elementor-button elementor-button-link elementor-size-sm\" href=\"#heizplatten\">\n\t\t\t\t\t\t<span class=\"elementor-button-content-wrapper\">\n\t\t\t\t\t\t\t\t\t<span class=\"elementor-button-text\">Per saperne di pi\u00f9<\/span>\n\t\t\t\t\t<\/span>\n\t\t\t\t\t<\/a>\n\t\t<\/div>\n\t\t\t\t<\/div>\n\t\t\t\t<\/div>\n\t\t\t\t\t<\/div>\n\t\t<\/div>\n\t\t\t\t\t<\/div>\n\t\t<\/section>\n\t\t\t\t<section class=\"elementor-section elementor-top-section elementor-element elementor-element-789094d elementor-section-boxed elementor-section-height-default elementor-section-height-default wpr-particle-no wpr-jarallax-no wpr-parallax-no wpr-sticky-section-no\" data-id=\"789094d\" data-element_type=\"section\">\n\t\t\t\t\t\t<div class=\"elementor-container elementor-column-gap-default\">\n\t\t\t\t\t<div class=\"elementor-column elementor-col-100 elementor-top-column elementor-element elementor-element-04bbad7\" data-id=\"04bbad7\" data-element_type=\"column\">\n\t\t\t<div class=\"elementor-widget-wrap elementor-element-populated\">\n\t\t\t\t\t\t<div class=\"elementor-element elementor-element-482daf6 elementor-widget elementor-widget-menu-anchor\" data-id=\"482daf6\" data-element_type=\"widget\" data-widget_type=\"menu-anchor.default\">\n\t\t\t\t<div class=\"elementor-widget-container\">\n\t\t\t\t\t<div class=\"elementor-menu-anchor\" id=\"pannelliriscaldanti\"><\/div>\n\t\t\t\t<\/div>\n\t\t\t\t<\/div>\n\t\t\t\t\t<\/div>\n\t\t<\/div>\n\t\t\t\t\t<\/div>\n\t\t<\/section>\n\t\t\t\t<section class=\"elementor-section elementor-top-section elementor-element elementor-element-cd69bf2 elementor-section-boxed elementor-section-height-default elementor-section-height-default wpr-particle-no wpr-jarallax-no wpr-parallax-no wpr-sticky-section-no\" data-id=\"cd69bf2\" data-element_type=\"section\">\n\t\t\t\t\t\t<div class=\"elementor-container elementor-column-gap-default\">\n\t\t\t\t\t<div class=\"elementor-column elementor-col-50 elementor-top-column elementor-element elementor-element-63371e4\" data-id=\"63371e4\" data-element_type=\"column\">\n\t\t\t<div class=\"elementor-widget-wrap elementor-element-populated\">\n\t\t\t\t\t\t<div class=\"elementor-element elementor-element-3e4228f elementor-widget elementor-widget-heading\" data-id=\"3e4228f\" data-element_type=\"widget\" data-widget_type=\"heading.default\">\n\t\t\t\t<div class=\"elementor-widget-container\">\n\t\t\t<h5 class=\"elementor-heading-title elementor-size-default\">Il tuo professionista della precisione<\/h5>\t\t<\/div>\n\t\t\t\t<\/div>\n\t\t\t\t<div class=\"elementor-element elementor-element-328521f elementor-widget elementor-widget-heading\" data-id=\"328521f\" data-element_type=\"widget\" data-widget_type=\"heading.default\">\n\t\t\t\t<div class=\"elementor-widget-container\">\n\t\t\t<h2 class=\"elementor-heading-title elementor-size-default\">Da oltre 70 anni<\/h2>\t\t<\/div>\n\t\t\t\t<\/div>\n\t\t\t\t<div class=\"elementor-element elementor-element-70862d0 elementor-widget elementor-widget-text-editor\" data-id=\"70862d0\" data-element_type=\"widget\" data-widget_type=\"text-editor.default\">\n\t\t\t\t<div class=\"elementor-widget-container\">\n\t\t\t\t\t\t\t<p>Come azienda di medie dimensioni, Lenser Pr\u00e4zisionstechnik si \u00e8 dedicata alla precisa lavorazione superficiale di pezzi grandi e pesanti e alla foratura profonda.<br \/>\nLa nostra esperienza si basa sul know-how di oltre 50 dipendenti, alcuni dei quali sono parte integrante del nostro team da molti anni.<br \/>\nPer offrire ai nostri professionisti un ambiente adeguato, siamo in costante sviluppo nelle aree della tecnologia e degli strumenti e non abbiamo paura di investire.<br \/>\nIl nostro vantaggio \u00e8 quello di poter offrire ai nostri clienti un&#8217;elevata qualit\u00e0 e il miglior servizio a prezzi competitivi.<br \/>\nProgettiamo con CAD\/CAM e produciamo su moderni centri di lavoro: \u00e8 possibile realizzare pezzi lunghi fino a 16 metri e con un peso fino a 100 tonnellate.    <\/p>\n<p>I nostri clienti operano principalmente nel settore dell&#8217;ingegneria meccanica e impiantistica sul mercato internazionale.<br \/>\nTuttavia, i nostri prodotti sono utilizzati in un&#8217;ampia gamma di settori diversi: <\/p>\n\t\t\t\t\t\t<\/div>\n\t\t\t\t<\/div>\n\t\t\t\t\t<\/div>\n\t\t<\/div>\n\t\t\t\t<div class=\"elementor-column elementor-col-50 elementor-top-column elementor-element elementor-element-3dc45cf\" data-id=\"3dc45cf\" data-element_type=\"column\" data-settings=\"{&quot;background_background&quot;:&quot;classic&quot;}\">\n\t\t\t<div class=\"elementor-widget-wrap elementor-element-populated\">\n\t\t\t\t\t\t<div class=\"elementor-element elementor-element-b6a23fe elementor-hidden-desktop elementor-hidden-tablet elementor-widget elementor-widget-spacer\" data-id=\"b6a23fe\" data-element_type=\"widget\" data-widget_type=\"spacer.default\">\n\t\t\t\t<div class=\"elementor-widget-container\">\n\t\t\t\t\t<div class=\"elementor-spacer\">\n\t\t\t<div class=\"elementor-spacer-inner\"><\/div>\n\t\t<\/div>\n\t\t\t\t<\/div>\n\t\t\t\t<\/div>\n\t\t\t\t\t<\/div>\n\t\t<\/div>\n\t\t\t\t\t<\/div>\n\t\t<\/section>\n\t\t\t\t<section class=\"elementor-section elementor-top-section elementor-element elementor-element-8e03f68 elementor-section-boxed elementor-section-height-default elementor-section-height-default wpr-particle-no wpr-jarallax-no wpr-parallax-no wpr-sticky-section-no elementor-invisible\" data-id=\"8e03f68\" data-element_type=\"section\" data-settings=\"{&quot;animation&quot;:&quot;fadeInLeft&quot;}\">\n\t\t\t\t\t\t<div class=\"elementor-container elementor-column-gap-default\">\n\t\t\t\t\t<div class=\"elementor-column elementor-col-100 elementor-top-column elementor-element elementor-element-b6ad954\" data-id=\"b6ad954\" data-element_type=\"column\">\n\t\t\t<div class=\"elementor-widget-wrap elementor-element-populated\">\n\t\t\t\t\t\t<div class=\"elementor-element elementor-element-731dab5 elementor-widget elementor-widget-shortcode\" data-id=\"731dab5\" data-element_type=\"widget\" data-widget_type=\"shortcode.default\">\n\t\t\t\t<div class=\"elementor-widget-container\">\n\t\t\t\t\t<div class=\"elementor-shortcode\"><div id=\"metaslider-id-1426\" style=\"width: 100%; margin: 0 auto;\" class=\"ml-slider-3-91-0 metaslider metaslider-flex metaslider-1426 ml-slider ms-theme-outline has-carousel-mode has-dots-nav\" role=\"region\" aria-roledescription=\"Slideshow\" aria-label=\"Branchen\">\n    <div id=\"metaslider_container_1426\">\n        <div id=\"metaslider_1426\">\n            <ul class='slides'>\n                <li style=\"display: none; width: 100%;\" class=\"slide-1427 ms-image \" aria-roledescription=\"slide\" aria-label=\"slide-1427\"><a href=\"https:\/\/lenser-praezision.de\/holzverarbeitende-industrie\/\" target=\"_self\" class=\"metaslider_image_link\"><img fetchpriority=\"high\" decoding=\"async\" src=\"https:\/\/lenser-praezision.de\/wp-content\/uploads\/2022\/05\/holzverarbeitende-industrie-slide-450x450.jpg\" height=\"450\" width=\"450\" alt=\"Holzindustrie Heizplatten\" class=\"slider-1426 slide-1427\" title=\"holzverarbeitende-industrie-slide\" \/><\/a><div class=\"caption-wrap\"><div class=\"caption\">Holzverarbeitende Industrie<\/div><\/div><\/li>\n                <li style=\"display: none; width: 100%;\" class=\"slide-1429 ms-image \" aria-roledescription=\"slide\" aria-label=\"slide-1429\"><a href=\"https:\/\/lenser-praezision.de\/kunststoffindustrie\/\" target=\"_self\" class=\"metaslider_image_link\"><img decoding=\"async\" src=\"https:\/\/lenser-praezision.de\/wp-content\/uploads\/2022\/05\/kunststoffindustrie-slide-450x450.jpg\" height=\"450\" width=\"450\" alt=\"\" class=\"slider-1426 slide-1429\" title=\"kunststoffindustrie-slide\" \/><\/a><div class=\"caption-wrap\"><div class=\"caption\">Kunstoffindustrie<\/div><\/div><\/li>\n                <li style=\"display: none; width: 100%;\" class=\"slide-1433 ms-image \" aria-roledescription=\"slide\" aria-label=\"slide-1433\"><a href=\"https:\/\/lenser-praezision.de\/maschinenbau\/\" target=\"_self\" class=\"metaslider_image_link\"><img decoding=\"async\" src=\"https:\/\/lenser-praezision.de\/wp-content\/uploads\/2022\/05\/maschinenbau-slide-450x450.jpg\" height=\"450\" width=\"450\" alt=\"\" class=\"slider-1426 slide-1433\" title=\"maschinenbau-slide\" \/><\/a><div class=\"caption-wrap\"><div class=\"caption\">Maschinenbau<\/div><\/div><\/li>\n                <li style=\"display: none; width: 100%;\" class=\"slide-1428 ms-image \" aria-roledescription=\"slide\" aria-label=\"slide-1428\"><a href=\"https:\/\/lenser-praezision.de\/gummiwarenindustrie\/\" target=\"_self\" class=\"metaslider_image_link\"><img loading=\"lazy\" decoding=\"async\" src=\"https:\/\/lenser-praezision.de\/wp-content\/uploads\/2022\/05\/gummiwarenindustrie-slide-450x450.jpg\" height=\"450\" width=\"450\" alt=\"\" class=\"slider-1426 slide-1428\" title=\"gummiwarenindustrie-slide\" \/><\/a><div class=\"caption-wrap\"><div class=\"caption\">Gummiwarenindustrie<\/div><\/div><\/li>\n                <li style=\"display: none; width: 100%;\" class=\"slide-1431 ms-image \" aria-roledescription=\"slide\" aria-label=\"slide-1431\"><a href=\"https:\/\/lenser-praezision.de\/leiterplattenindustrie\/\" target=\"_self\" class=\"metaslider_image_link\"><img loading=\"lazy\" decoding=\"async\" src=\"https:\/\/lenser-praezision.de\/wp-content\/uploads\/2022\/05\/leiterplattenindustrie-slide-450x450.jpg\" height=\"450\" width=\"450\" alt=\"\" class=\"slider-1426 slide-1431\" title=\"leiterplattenindustrie-slide\" \/><\/a><div class=\"caption-wrap\"><div class=\"caption\">Leiterplattenindustrie<\/div><\/div><\/li>\n                <li style=\"display: none; width: 100%;\" class=\"slide-1434 ms-image \" aria-roledescription=\"slide\" aria-label=\"slide-1434\"><a href=\"https:\/\/lenser-praezision.de\/composite\/\" target=\"_self\" class=\"metaslider_image_link\"><img loading=\"lazy\" decoding=\"async\" src=\"https:\/\/lenser-praezision.de\/wp-content\/uploads\/2022\/05\/composite-faserverbundwerkstoffe-slide-450x450.jpg\" height=\"450\" width=\"450\" alt=\"\" class=\"slider-1426 slide-1434\" title=\"composite-faserverbundwerkstoffe-slide\" \/><\/a><div class=\"caption-wrap\"><div class=\"caption\">Composite<\/div><\/div><\/li>\n                <li style=\"display: none; width: 100%;\" class=\"slide-1432 ms-image \" aria-roledescription=\"slide\" aria-label=\"slide-1432\"><a href=\"https:\/\/lenser-praezision.de\/glas-photovoltaik\/\" target=\"_self\" class=\"metaslider_image_link\"><img loading=\"lazy\" decoding=\"async\" src=\"https:\/\/lenser-praezision.de\/wp-content\/uploads\/2022\/05\/photovoltaik-slide-450x450.jpg\" height=\"450\" width=\"450\" alt=\"\" class=\"slider-1426 slide-1432\" title=\"photovoltaik-slide\" \/><\/a><div class=\"caption-wrap\"><div class=\"caption\">Glas &amp; Photovoltaik<\/div><\/div><\/li>\n                <li style=\"display: none; width: 100%;\" class=\"slide-1430 ms-image \" aria-roledescription=\"slide\" aria-label=\"slide-1430\"><a href=\"https:\/\/lenser-praezision.de\/lebensmittelindustrie\/\" target=\"_self\" class=\"metaslider_image_link\"><img loading=\"lazy\" decoding=\"async\" src=\"https:\/\/lenser-praezision.de\/wp-content\/uploads\/2022\/05\/lebensmittelindustrie-slide-450x450.jpg\" height=\"450\" width=\"450\" alt=\"\" class=\"slider-1426 slide-1430\" title=\"lebensmittelindustrie-slide\" \/><\/a><div class=\"caption-wrap\"><div class=\"caption\">Lebensmittelindustrie<\/div><\/div><\/li>\n            <\/ul>\n        <\/div>\n        \n    <\/div>\n<\/div><\/div>\n\t\t\t\t<\/div>\n\t\t\t\t<\/div>\n\t\t\t\t\t<\/div>\n\t\t<\/div>\n\t\t\t\t\t<\/div>\n\t\t<\/section>\n\t\t\t\t<section class=\"elementor-section elementor-top-section elementor-element elementor-element-ef1838e elementor-section-boxed elementor-section-height-default elementor-section-height-default wpr-particle-no wpr-jarallax-no wpr-parallax-no wpr-sticky-section-no\" data-id=\"ef1838e\" data-element_type=\"section\">\n\t\t\t\t\t\t<div class=\"elementor-container elementor-column-gap-default\">\n\t\t\t\t\t<div class=\"elementor-column elementor-col-100 elementor-top-column elementor-element elementor-element-cbb5cb8\" data-id=\"cbb5cb8\" data-element_type=\"column\">\n\t\t\t<div class=\"elementor-widget-wrap elementor-element-populated\">\n\t\t\t\t\t\t<div class=\"elementor-element elementor-element-12ea1aa elementor-widget elementor-widget-heading\" data-id=\"12ea1aa\" data-element_type=\"widget\" data-widget_type=\"heading.default\">\n\t\t\t\t<div class=\"elementor-widget-container\">\n\t\t\t<h5 class=\"elementor-heading-title elementor-size-default\">Leader nel mercato delle piastre riscaldanti per l'industria manifatturiera<\/h5>\t\t<\/div>\n\t\t\t\t<\/div>\n\t\t\t\t<div class=\"elementor-element elementor-element-7f02aa5 elementor-widget elementor-widget-heading\" data-id=\"7f02aa5\" data-element_type=\"widget\" data-widget_type=\"heading.default\">\n\t\t\t\t<div class=\"elementor-widget-container\">\n\t\t\t<h2 class=\"elementor-heading-title elementor-size-default\">I tuoi vantaggi con Lenser<\/h2>\t\t<\/div>\n\t\t\t\t<\/div>\n\t\t\t\t\t<\/div>\n\t\t<\/div>\n\t\t\t\t\t<\/div>\n\t\t<\/section>\n\t\t\t\t<section class=\"elementor-section elementor-top-section elementor-element elementor-element-eff6002 elementor-section-boxed elementor-section-height-default elementor-section-height-default wpr-particle-no wpr-jarallax-no wpr-parallax-no wpr-sticky-section-no\" data-id=\"eff6002\" data-element_type=\"section\" data-settings=\"{&quot;background_background&quot;:&quot;classic&quot;}\">\n\t\t\t\t\t\t\t<div class=\"elementor-background-overlay\"><\/div>\n\t\t\t\t\t\t\t<div class=\"elementor-container elementor-column-gap-default\">\n\t\t\t\t\t<div class=\"elementor-column elementor-col-25 elementor-top-column elementor-element elementor-element-2b9cb1a\" data-id=\"2b9cb1a\" data-element_type=\"column\">\n\t\t\t<div class=\"elementor-widget-wrap elementor-element-populated\">\n\t\t\t\t\t\t<div class=\"elementor-element elementor-element-6c50d3b elementor-view-default elementor-position-top elementor-mobile-position-top elementor-invisible elementor-widget elementor-widget-icon-box\" data-id=\"6c50d3b\" data-element_type=\"widget\" data-settings=\"{&quot;_animation&quot;:&quot;fadeIn&quot;}\" data-widget_type=\"icon-box.default\">\n\t\t\t\t<div class=\"elementor-widget-container\">\n\t\t\t\t\t<div class=\"elementor-icon-box-wrapper\">\n\n\t\t\t\t\t\t<div class=\"elementor-icon-box-icon\">\n\t\t\t\t<span  class=\"elementor-icon elementor-animation-\">\n\t\t\t\t<i aria-hidden=\"true\" class=\"fas fa-star\"><\/i>\t\t\t\t<\/span>\n\t\t\t<\/div>\n\t\t\t\n\t\t\t\t\t\t<div class=\"elementor-icon-box-content\">\n\n\t\t\t\t\t\t\t\t\t<h3 class=\"elementor-icon-box-title\">\n\t\t\t\t\t\t<span  >\n\t\t\t\t\t\t\tCompetenze\t\t\t\t\t\t<\/span>\n\t\t\t\t\t<\/h3>\n\t\t\t\t\n\t\t\t\t\t\t\t\t\t<p class=\"elementor-icon-box-description\">\n\t\t\t\t\t\tSiamo il produttore leader a livello internazionale di pannelli per il riscaldamento e il raffreddamento.\t\t\t\t\t<\/p>\n\t\t\t\t\n\t\t\t<\/div>\n\t\t\t\n\t\t<\/div>\n\t\t\t\t<\/div>\n\t\t\t\t<\/div>\n\t\t\t\t\t<\/div>\n\t\t<\/div>\n\t\t\t\t<div class=\"elementor-column elementor-col-25 elementor-top-column elementor-element elementor-element-346d492\" data-id=\"346d492\" data-element_type=\"column\">\n\t\t\t<div class=\"elementor-widget-wrap elementor-element-populated\">\n\t\t\t\t\t\t<div class=\"elementor-element elementor-element-3449d6c elementor-view-default elementor-position-top elementor-mobile-position-top elementor-invisible elementor-widget elementor-widget-icon-box\" data-id=\"3449d6c\" data-element_type=\"widget\" data-settings=\"{&quot;_animation&quot;:&quot;fadeIn&quot;}\" data-widget_type=\"icon-box.default\">\n\t\t\t\t<div class=\"elementor-widget-container\">\n\t\t\t\t\t<div class=\"elementor-icon-box-wrapper\">\n\n\t\t\t\t\t\t<div class=\"elementor-icon-box-icon\">\n\t\t\t\t<span  class=\"elementor-icon elementor-animation-\">\n\t\t\t\t<i aria-hidden=\"true\" class=\"fas fa-business-time\"><\/i>\t\t\t\t<\/span>\n\t\t\t<\/div>\n\t\t\t\n\t\t\t\t\t\t<div class=\"elementor-icon-box-content\">\n\n\t\t\t\t\t\t\t\t\t<h3 class=\"elementor-icon-box-title\">\n\t\t\t\t\t\t<span  >\n\t\t\t\t\t\t\tTradizione\t\t\t\t\t\t<\/span>\n\t\t\t\t\t<\/h3>\n\t\t\t\t\n\t\t\t\t\t\t\t\t\t<p class=\"elementor-icon-box-description\">\n\t\t\t\t\t\tOltre 70 anni di esperienza nella lavorazione di pezzi di grandi dimensioni.\t\t\t\t\t<\/p>\n\t\t\t\t\n\t\t\t<\/div>\n\t\t\t\n\t\t<\/div>\n\t\t\t\t<\/div>\n\t\t\t\t<\/div>\n\t\t\t\t\t<\/div>\n\t\t<\/div>\n\t\t\t\t<div class=\"elementor-column elementor-col-25 elementor-top-column elementor-element elementor-element-949c18f\" data-id=\"949c18f\" data-element_type=\"column\">\n\t\t\t<div class=\"elementor-widget-wrap elementor-element-populated\">\n\t\t\t\t\t\t<div class=\"elementor-element elementor-element-03e831a elementor-view-default elementor-position-top elementor-mobile-position-top elementor-invisible elementor-widget elementor-widget-icon-box\" data-id=\"03e831a\" data-element_type=\"widget\" data-settings=\"{&quot;_animation&quot;:&quot;fadeIn&quot;}\" data-widget_type=\"icon-box.default\">\n\t\t\t\t<div class=\"elementor-widget-container\">\n\t\t\t\t\t<div class=\"elementor-icon-box-wrapper\">\n\n\t\t\t\t\t\t<div class=\"elementor-icon-box-icon\">\n\t\t\t\t<span  class=\"elementor-icon elementor-animation-\">\n\t\t\t\t<i aria-hidden=\"true\" class=\"fas fa-users\"><\/i>\t\t\t\t<\/span>\n\t\t\t<\/div>\n\t\t\t\n\t\t\t\t\t\t<div class=\"elementor-icon-box-content\">\n\n\t\t\t\t\t\t\t\t\t<h3 class=\"elementor-icon-box-title\">\n\t\t\t\t\t\t<span  >\n\t\t\t\t\t\t\tSquadra\t\t\t\t\t\t<\/span>\n\t\t\t\t\t<\/h3>\n\t\t\t\t\n\t\t\t\t\t\t\t\t\t<p class=\"elementor-icon-box-description\">\n\t\t\t\t\t\tPi\u00f9 di 50 colleghi sono felici di lavorare fianco a fianco per te.\t\t\t\t\t<\/p>\n\t\t\t\t\n\t\t\t<\/div>\n\t\t\t\n\t\t<\/div>\n\t\t\t\t<\/div>\n\t\t\t\t<\/div>\n\t\t\t\t\t<\/div>\n\t\t<\/div>\n\t\t\t\t<div class=\"elementor-column elementor-col-25 elementor-top-column elementor-element elementor-element-fdc46b6\" data-id=\"fdc46b6\" data-element_type=\"column\">\n\t\t\t<div class=\"elementor-widget-wrap elementor-element-populated\">\n\t\t\t\t\t\t<div class=\"elementor-element elementor-element-4d5efb6 elementor-view-default elementor-position-top elementor-mobile-position-top elementor-invisible elementor-widget elementor-widget-icon-box\" data-id=\"4d5efb6\" data-element_type=\"widget\" data-settings=\"{&quot;_animation&quot;:&quot;fadeIn&quot;}\" data-widget_type=\"icon-box.default\">\n\t\t\t\t<div class=\"elementor-widget-container\">\n\t\t\t\t\t<div class=\"elementor-icon-box-wrapper\">\n\n\t\t\t\t\t\t<div class=\"elementor-icon-box-icon\">\n\t\t\t\t<span  class=\"elementor-icon elementor-animation-\">\n\t\t\t\t<i aria-hidden=\"true\" class=\"fas fa-tools\"><\/i>\t\t\t\t<\/span>\n\t\t\t<\/div>\n\t\t\t\n\t\t\t\t\t\t<div class=\"elementor-icon-box-content\">\n\n\t\t\t\t\t\t\t\t\t<h3 class=\"elementor-icon-box-title\">\n\t\t\t\t\t\t<span  >\n\t\t\t\t\t\t\tqualit\u00e0\t\t\t\t\t\t<\/span>\n\t\t\t\t\t<\/h3>\n\t\t\t\t\n\t\t\t\t\t\t\t\t\t<p class=\"elementor-icon-box-description\">\n\t\t\t\t\t\t<br>Qualit\u00e0 e affidabilit\u00e0. Made in Germany.\t\t\t\t\t<\/p>\n\t\t\t\t\n\t\t\t<\/div>\n\t\t\t\n\t\t<\/div>\n\t\t\t\t<\/div>\n\t\t\t\t<\/div>\n\t\t\t\t\t<\/div>\n\t\t<\/div>\n\t\t\t\t\t<\/div>\n\t\t<\/section>\n\t\t\t\t<section class=\"elementor-section elementor-top-section elementor-element elementor-element-362f126 elementor-reverse-mobile elementor-section-boxed elementor-section-height-default elementor-section-height-default wpr-particle-no wpr-jarallax-no wpr-parallax-no wpr-sticky-section-no\" data-id=\"362f126\" data-element_type=\"section\">\n\t\t\t\t\t\t<div class=\"elementor-container elementor-column-gap-default\">\n\t\t\t\t\t<div class=\"elementor-column elementor-col-50 elementor-top-column elementor-element elementor-element-701dda2\" data-id=\"701dda2\" data-element_type=\"column\" data-settings=\"{&quot;background_background&quot;:&quot;classic&quot;}\">\n\t\t\t<div class=\"elementor-widget-wrap elementor-element-populated\">\n\t\t\t\t\t\t<div class=\"elementor-element elementor-element-5a63d05 elementor-hidden-desktop elementor-hidden-tablet elementor-widget elementor-widget-spacer\" data-id=\"5a63d05\" data-element_type=\"widget\" data-widget_type=\"spacer.default\">\n\t\t\t\t<div class=\"elementor-widget-container\">\n\t\t\t\t\t<div class=\"elementor-spacer\">\n\t\t\t<div class=\"elementor-spacer-inner\"><\/div>\n\t\t<\/div>\n\t\t\t\t<\/div>\n\t\t\t\t<\/div>\n\t\t\t\t\t<\/div>\n\t\t<\/div>\n\t\t\t\t<div class=\"elementor-column elementor-col-50 elementor-top-column elementor-element elementor-element-9ec4388\" data-id=\"9ec4388\" data-element_type=\"column\">\n\t\t\t<div class=\"elementor-widget-wrap elementor-element-populated\">\n\t\t\t\t\t\t<div class=\"elementor-element elementor-element-753a9c4 elementor-widget elementor-widget-heading\" data-id=\"753a9c4\" data-element_type=\"widget\" data-widget_type=\"heading.default\">\n\t\t\t\t<div class=\"elementor-widget-container\">\n\t\t\t<h5 class=\"elementor-heading-title elementor-size-default\">Carriera<\/h5>\t\t<\/div>\n\t\t\t\t<\/div>\n\t\t\t\t<div class=\"elementor-element elementor-element-9e37c86 elementor-widget elementor-widget-heading\" data-id=\"9e37c86\" data-element_type=\"widget\" data-widget_type=\"heading.default\">\n\t\t\t\t<div class=\"elementor-widget-container\">\n\t\t\t<h2 class=\"elementor-heading-title elementor-size-default\">Un successo nel settore delle PMI<\/h2>\t\t<\/div>\n\t\t\t\t<\/div>\n\t\t\t\t<div class=\"elementor-element elementor-element-bf3cda3 elementor-widget elementor-widget-text-editor\" data-id=\"bf3cda3\" data-element_type=\"widget\" data-widget_type=\"text-editor.default\">\n\t\t\t\t<div class=\"elementor-widget-container\">\n\t\t\t\t\t\t\t<p>Siamo un&#8217;azienda di formazione di successo e siamo sempre alla ricerca di una ventata di novit\u00e0 per il nostro team consolidato.\nNon cerchiamo solo colleghi con mentalit\u00e0 tecnica per la progettazione e la produzione, ma accogliamo anche candidature per l&#8217;area commerciale. <\/p>\n<p>Per noi, tradizione e modernit\u00e0 non sono opposti, ma vanno di pari passo.\nOffriamo ai colleghi impegnati attivit\u00e0 stimolanti e la sicurezza di un lavoro a lungo termine in un ambiente eccellente.\nVuoi saperne di pi\u00f9 su di noi come datore di lavoro?  <\/p>\t\t\t\t\t\t<\/div>\n\t\t\t\t<\/div>\n\t\t\t\t<div class=\"elementor-element elementor-element-2a50bf1 elementor-widget elementor-widget-button\" data-id=\"2a50bf1\" data-element_type=\"widget\" data-widget_type=\"button.default\">\n\t\t\t\t<div class=\"elementor-widget-container\">\n\t\t\t\t\t<div class=\"elementor-button-wrapper\">\n\t\t\t<a class=\"elementor-button elementor-button-link elementor-size-sm\" href=\"https:\/\/lenser-praezision.de\/it\/carriera\/\">\n\t\t\t\t\t\t<span class=\"elementor-button-content-wrapper\">\n\t\t\t\t\t\t\t\t\t<span class=\"elementor-button-text\">Clicca qui!<\/span>\n\t\t\t\t\t<\/span>\n\t\t\t\t\t<\/a>\n\t\t<\/div>\n\t\t\t\t<\/div>\n\t\t\t\t<\/div>\n\t\t\t\t\t<\/div>\n\t\t<\/div>\n\t\t\t\t\t<\/div>\n\t\t<\/section>\n\t\t\t\t<section class=\"elementor-section elementor-top-section elementor-element elementor-element-4a7afb8f elementor-section-boxed elementor-section-height-default elementor-section-height-default wpr-particle-no wpr-jarallax-no wpr-parallax-no wpr-sticky-section-no\" data-id=\"4a7afb8f\" data-element_type=\"section\">\n\t\t\t\t\t\t<div class=\"elementor-container elementor-column-gap-default\">\n\t\t\t\t\t<div class=\"elementor-column elementor-col-100 elementor-top-column elementor-element elementor-element-79f8f6c1\" data-id=\"79f8f6c1\" data-element_type=\"column\">\n\t\t\t<div class=\"elementor-widget-wrap elementor-element-populated\">\n\t\t\t\t\t\t<div class=\"elementor-element elementor-element-3c7a7a0 elementor-widget elementor-widget-menu-anchor\" data-id=\"3c7a7a0\" data-element_type=\"widget\" data-widget_type=\"menu-anchor.default\">\n\t\t\t\t<div class=\"elementor-widget-container\">\n\t\t\t\t\t<div class=\"elementor-menu-anchor\" id=\"storia\"><\/div>\n\t\t\t\t<\/div>\n\t\t\t\t<\/div>\n\t\t\t\t<div class=\"elementor-element elementor-element-50a0702f elementor-widget elementor-widget-heading\" data-id=\"50a0702f\" data-element_type=\"widget\" data-widget_type=\"heading.default\">\n\t\t\t\t<div class=\"elementor-widget-container\">\n\t\t\t<h2 class=\"elementor-heading-title elementor-size-default\">La storia della nostra azienda<\/h2>\t\t<\/div>\n\t\t\t\t<\/div>\n\t\t\t\t<div class=\"elementor-element elementor-element-7765ce00 wpr-list-style-none elementor-widget elementor-widget-wpr-posts-timeline\" data-id=\"7765ce00\" data-element_type=\"widget\" data-settings=\"{&quot;animation_offset&quot;:150,&quot;aos_animation_duration&quot;:600}\" data-widget_type=\"wpr-posts-timeline.default\">\n\t\t\t\t<div class=\"elementor-widget-container\">\n\t\t\t\n\t\t<div class=\"wpr-wrapper wpr-vertical wpr-centered\">\n\t\t\t<div class=\"wpr-timeline-centered wpr-line wpr-both-sided-timeline\"><div class=\"wpr-middle-line\"><\/div><div class=\"wpr-timeline-fill\" data-layout=\"centered\"><\/div><article class=\"wpr-timeline-entry wpr-left-aligned elementor-repeater-item-f94da51\" data-item-id=\"elementor-repeater-item-f94da51\"><time class=\"wpr-extra-label\" data-aos=\"fade-right\" data-aos-left=\"fade-right\" data-aos-right=\"fade-left\" data-animation-offset=\"150\" data-animation-duration=\"600\"><span class=\"wpr-label\">2020<\/span><span class=\"wpr-sub-label\">Nuova macchina + ERP<\/span><\/time><div class=\"wpr-timeline-entry-inner\"><div class=\"wpr-main-line-icon wpr-icon\"><\/div><div class=\"wpr-story-info-vertical wpr-data-wrap \"  data-aos=\"fade-right\" data-aos-left=\"fade-right\" data-aos-right=\"fade-left\" data-animation-offset=\"150\" data-animation-duration=\"600\"><div class=\"wpr-animation-wrap wpr-timeline-media\"><i aria-hidden=\"true\" class=\"far fa-chart-bar\"><\/i><\/div><div class=\"wpr-timeline-content-wrapper\"><div class=\"wpr-content-wrapper\"><p class=\"wpr-title-wrap\"><span class=\"wpr-title\">Modernizzazione<\/span><\/p><div class=\"wpr-description\"><p>Messa in funzione di una fresatrice a portale Soraluce PMG 10000.\nIntroduzione del nuovo software ERP\/PPS. <\/p><\/div><\/div><\/div><\/div>\n\t\t\t\t\t\t<\/div>\n\t\t\t\t<\/article><article class=\"wpr-timeline-entry wpr-right-aligned elementor-repeater-item-2a37755\" data-item-id=\"elementor-repeater-item-2a37755\"><time class=\"wpr-extra-label\" data-aos=\"fade-left\" data-aos-left=\"fade-right\" data-aos-right=\"fade-left\" data-animation-offset=\"150\" data-animation-duration=\"600\"><span class=\"wpr-label\">2019<\/span><span class=\"wpr-sub-label\">Centro di perforazione profonda<\/span><\/time><div class=\"wpr-timeline-entry-inner\"><div class=\"wpr-main-line-icon wpr-icon\"><\/div><div class=\"wpr-story-info-vertical wpr-data-wrap \"  data-aos=\"fade-left\" data-aos-left=\"fade-right\" data-aos-right=\"fade-left\" data-animation-offset=\"150\" data-animation-duration=\"600\"><div class=\"wpr-animation-wrap wpr-timeline-media\"><i aria-hidden=\"true\" class=\"fas fa-tools\"><\/i><\/div><div class=\"wpr-timeline-content-wrapper\"><div class=\"wpr-content-wrapper\"><p class=\"wpr-title-wrap\"><span class=\"wpr-title\">Nuovi centri di lavoro<\/span><\/p><div class=\"wpr-description\"><p>Messa in funzione del centro di foratura\/fresatura profonda IMSA 1450 e di una fresatrice a portale Soraluce PMG 6000.<\/p><\/div><\/div><\/div><\/div>\n\t\t\t\t\t\t<\/div>\n\t\t\t\t<\/article><article class=\"wpr-timeline-entry wpr-left-aligned elementor-repeater-item-528a050\" data-item-id=\"elementor-repeater-item-528a050\"><time class=\"wpr-extra-label\" data-aos=\"fade-right\" data-aos-left=\"fade-right\" data-aos-right=\"fade-left\" data-animation-offset=\"150\" data-animation-duration=\"600\"><span class=\"wpr-label\">2017<\/span><span class=\"wpr-sub-label\">Modernizzazione completa<\/span><\/time><div class=\"wpr-timeline-entry-inner\"><div class=\"wpr-main-line-icon wpr-icon\"><\/div><div class=\"wpr-story-info-vertical wpr-data-wrap \"  data-aos=\"fade-right\" data-aos-left=\"fade-right\" data-aos-right=\"fade-left\" data-animation-offset=\"150\" data-animation-duration=\"600\"><div class=\"wpr-animation-wrap wpr-timeline-media\"><i aria-hidden=\"true\" class=\"far fa-arrow-alt-circle-up\"><\/i><\/div><div class=\"wpr-timeline-content-wrapper\"><div class=\"wpr-content-wrapper\"><p class=\"wpr-title-wrap\"><span class=\"wpr-title\">Fresatura e foratura<\/span><\/p><div class=\"wpr-description\"><p>Messa in funzione del centro di foratura\/fresatura profonda IMSA 2500, di una fresatrice a colonna mobile Soraluce SLP 8000 e di una fresatrice a portale Uniport Unisign 6000.<\/p><\/div><\/div><\/div><\/div>\n\t\t\t\t\t\t<\/div>\n\t\t\t\t<\/article><article class=\"wpr-timeline-entry wpr-right-aligned elementor-repeater-item-044c842\" data-item-id=\"elementor-repeater-item-044c842\"><time class=\"wpr-extra-label\" data-aos=\"fade-left\" data-aos-left=\"fade-right\" data-aos-right=\"fade-left\" data-animation-offset=\"150\" data-animation-duration=\"600\"><span class=\"wpr-label\">2015<\/span><span class=\"wpr-sub-label\">Successione<\/span><\/time><div class=\"wpr-timeline-entry-inner\"><div class=\"wpr-main-line-icon wpr-icon\"><\/div><div class=\"wpr-story-info-vertical wpr-data-wrap \"  data-aos=\"fade-left\" data-aos-left=\"fade-right\" data-aos-right=\"fade-left\" data-animation-offset=\"150\" data-animation-duration=\"600\"><div class=\"wpr-animation-wrap wpr-timeline-media\"><i aria-hidden=\"true\" class=\"far fa-thumbs-up\"><\/i><\/div><div class=\"wpr-timeline-content-wrapper\"><div class=\"wpr-content-wrapper\"><p class=\"wpr-title-wrap\"><span class=\"wpr-title\">Florian Baehrens<\/span><\/p><div class=\"wpr-description\"><p>Renaud Houy lascia l'azienda.\nFlorian Baehrens diventa il nuovo amministratore delegato. <\/p><\/div><\/div><\/div><\/div>\n\t\t\t\t\t\t<\/div>\n\t\t\t\t<\/article><article class=\"wpr-timeline-entry wpr-left-aligned elementor-repeater-item-48f450d\" data-item-id=\"elementor-repeater-item-48f450d\"><time class=\"wpr-extra-label\" data-aos=\"fade-right\" data-aos-left=\"fade-right\" data-aos-right=\"fade-left\" data-animation-offset=\"150\" data-animation-duration=\"600\"><span class=\"wpr-label\">2014<\/span><span class=\"wpr-sub-label\">Fresatrice a portale<\/span><\/time><div class=\"wpr-timeline-entry-inner\"><div class=\"wpr-main-line-icon wpr-icon\"><\/div><div class=\"wpr-story-info-vertical wpr-data-wrap \"  data-aos=\"fade-right\" data-aos-left=\"fade-right\" data-aos-right=\"fade-left\" data-animation-offset=\"150\" data-animation-duration=\"600\"><div class=\"wpr-animation-wrap wpr-timeline-media\"><i aria-hidden=\"true\" class=\"fas fa-check\"><\/i><\/div><div class=\"wpr-timeline-content-wrapper\"><div class=\"wpr-content-wrapper\"><p class=\"wpr-title-wrap\"><span class=\"wpr-title\">Nuova macchina<\/span><\/p><div class=\"wpr-description\"><div class=\"timeline-item-text\"><div class=\"ce_textarea attribute textarea\"><p>Investimento nella fresatrice a portale Wagner (controllo CNC).<\/p><\/div><\/div><\/div><\/div><\/div><\/div>\n\t\t\t\t\t\t<\/div>\n\t\t\t\t<\/article><article class=\"wpr-timeline-entry wpr-right-aligned elementor-repeater-item-012d8d2\" data-item-id=\"elementor-repeater-item-012d8d2\"><time class=\"wpr-extra-label\" data-aos=\"fade-left\" data-aos-left=\"fade-right\" data-aos-right=\"fade-left\" data-animation-offset=\"150\" data-animation-duration=\"600\"><span class=\"wpr-label\">2012<\/span><span class=\"wpr-sub-label\">Nuove coste<\/span><\/time><div class=\"wpr-timeline-entry-inner\"><div class=\"wpr-main-line-icon wpr-icon\"><\/div><div class=\"wpr-story-info-vertical wpr-data-wrap \"  data-aos=\"fade-left\" data-aos-left=\"fade-right\" data-aos-right=\"fade-left\" data-animation-offset=\"150\" data-animation-duration=\"600\"><div class=\"wpr-animation-wrap wpr-timeline-media\"><i aria-hidden=\"true\" class=\"fas fa-desktop\"><\/i><\/div><div class=\"wpr-timeline-content-wrapper\"><div class=\"wpr-content-wrapper\"><p class=\"wpr-title-wrap\"><span class=\"wpr-title\">CAD \/ CAM<\/span><\/p><div class=\"wpr-description\"><p>Introduzione dei sistemi CAD\/CAM.<\/p><\/div><\/div><\/div><\/div>\n\t\t\t\t\t\t<\/div>\n\t\t\t\t<\/article><article class=\"wpr-timeline-entry wpr-left-aligned elementor-repeater-item-dc1eb7b\" data-item-id=\"elementor-repeater-item-dc1eb7b\"><time class=\"wpr-extra-label\" data-aos=\"fade-right\" data-aos-left=\"fade-right\" data-aos-right=\"fade-left\" data-animation-offset=\"150\" data-animation-duration=\"600\"><span class=\"wpr-label\">2010<\/span><span class=\"wpr-sub-label\">Lutto<\/span><\/time><div class=\"wpr-timeline-entry-inner\"><div class=\"wpr-main-line-icon wpr-icon\"><\/div><div class=\"wpr-story-info-vertical wpr-data-wrap \"  data-aos=\"fade-right\" data-aos-left=\"fade-right\" data-aos-right=\"fade-left\" data-animation-offset=\"150\" data-animation-duration=\"600\"><div class=\"wpr-animation-wrap wpr-timeline-media\"><i aria-hidden=\"true\" class=\"fas fa-cross\"><\/i><\/div><div class=\"wpr-timeline-content-wrapper\"><div class=\"wpr-content-wrapper\"><p class=\"wpr-title-wrap\"><span class=\"wpr-title\">Morte di Rainer Baehrens<\/span><\/p><div class=\"wpr-description\"><p>Morte di Rainer Baehrens.\nGli succedono Maria Baehrens (socio amministratore) e Renaud Houy (amministratore delegato).\nMessa in funzione del nuovo centro di lavoro Waldrich PMC3000 con sistema a pallet per la produzione in serie.  <\/p><\/div><\/div><\/div><\/div>\n\t\t\t\t\t\t<\/div>\n\t\t\t\t<\/article><article class=\"wpr-timeline-entry wpr-right-aligned elementor-repeater-item-5d1ebd0\" data-item-id=\"elementor-repeater-item-5d1ebd0\"><time class=\"wpr-extra-label\" data-aos=\"fade-left\" data-aos-left=\"fade-right\" data-aos-right=\"fade-left\" data-animation-offset=\"150\" data-animation-duration=\"600\"><span class=\"wpr-label\">2009<\/span><span class=\"wpr-sub-label\">Certificazione<\/span><\/time><div class=\"wpr-timeline-entry-inner\"><div class=\"wpr-main-line-icon wpr-icon\"><\/div><div class=\"wpr-story-info-vertical wpr-data-wrap \"  data-aos=\"fade-left\" data-aos-left=\"fade-right\" data-aos-right=\"fade-left\" data-animation-offset=\"150\" data-animation-duration=\"600\"><div class=\"wpr-animation-wrap wpr-timeline-media\"><i aria-hidden=\"true\" class=\"far fa-dot-circle\"><\/i><\/div><div class=\"wpr-timeline-content-wrapper\"><div class=\"wpr-content-wrapper\"><p class=\"wpr-title-wrap\"><span class=\"wpr-title\">Foratura profonda<\/span><\/p><div class=\"wpr-description\"><p>Messa in funzione di un nuovo impianto di perforazione profonda TIBO.\nPrima certificazione secondo la norma ISO 9001, ininterrotta da allora. <\/p><\/div><\/div><\/div><\/div>\n\t\t\t\t\t\t<\/div>\n\t\t\t\t<\/article><article class=\"wpr-timeline-entry wpr-left-aligned elementor-repeater-item-689c661\" data-item-id=\"elementor-repeater-item-689c661\"><time class=\"wpr-extra-label\" data-aos=\"fade-right\" data-aos-left=\"fade-right\" data-aos-right=\"fade-left\" data-animation-offset=\"150\" data-animation-duration=\"600\"><span class=\"wpr-label\">2008<\/span><span class=\"wpr-sub-label\">SHW<\/span><\/time><div class=\"wpr-timeline-entry-inner\"><div class=\"wpr-main-line-icon wpr-icon\"><\/div><div class=\"wpr-story-info-vertical wpr-data-wrap \"  data-aos=\"fade-right\" data-aos-left=\"fade-right\" data-aos-right=\"fade-left\" data-animation-offset=\"150\" data-animation-duration=\"600\"><div class=\"wpr-animation-wrap wpr-timeline-media\"><i aria-hidden=\"true\" class=\"fas fa-angle-double-right\"><\/i><\/div><div class=\"wpr-timeline-content-wrapper\"><div class=\"wpr-content-wrapper\"><p class=\"wpr-title-wrap\"><span class=\"wpr-title\">Nuovo centro di lavoro<\/span><\/p><div class=\"wpr-description\"><p>Messa in funzione della fresatrice SHW Uni Speed 5.<\/p><\/div><\/div><\/div><\/div>\n\t\t\t\t\t\t<\/div>\n\t\t\t\t<\/article><article class=\"wpr-timeline-entry wpr-right-aligned elementor-repeater-item-5be7cf9\" data-item-id=\"elementor-repeater-item-5be7cf9\"><time class=\"wpr-extra-label\" data-aos=\"fade-left\" data-aos-left=\"fade-right\" data-aos-right=\"fade-left\" data-animation-offset=\"150\" data-animation-duration=\"600\"><span class=\"wpr-label\">2007<\/span><span class=\"wpr-sub-label\">Soraluce FX 10000<\/span><\/time><div class=\"wpr-timeline-entry-inner\"><div class=\"wpr-main-line-icon wpr-icon\"><\/div><div class=\"wpr-story-info-vertical wpr-data-wrap \"  data-aos=\"fade-left\" data-aos-left=\"fade-right\" data-aos-right=\"fade-left\" data-animation-offset=\"150\" data-animation-duration=\"600\"><div class=\"wpr-animation-wrap wpr-timeline-media\"><i aria-hidden=\"true\" class=\"fas fa-gem\"><\/i><\/div><div class=\"wpr-timeline-content-wrapper\"><div class=\"wpr-content-wrapper\"><p class=\"wpr-title-wrap\"><span class=\"wpr-title\">Ultra-moderno!<\/span><\/p><div class=\"wpr-description\"><p>Messa in funzione della fresa a colonna mobile Soraluce FX 10000.<\/p><\/div><\/div><\/div><\/div>\n\t\t\t\t\t\t<\/div>\n\t\t\t\t<\/article><article class=\"wpr-timeline-entry wpr-left-aligned elementor-repeater-item-c16902f\" data-item-id=\"elementor-repeater-item-c16902f\"><time class=\"wpr-extra-label\" data-aos=\"fade-right\" data-aos-left=\"fade-right\" data-aos-right=\"fade-left\" data-animation-offset=\"150\" data-animation-duration=\"600\"><span class=\"wpr-label\">2004<\/span><span class=\"wpr-sub-label\">Morte<\/span><\/time><div class=\"wpr-timeline-entry-inner\"><div class=\"wpr-main-line-icon wpr-icon\"><\/div><div class=\"wpr-story-info-vertical wpr-data-wrap \"  data-aos=\"fade-right\" data-aos-left=\"fade-right\" data-aos-right=\"fade-left\" data-animation-offset=\"150\" data-animation-duration=\"600\"><div class=\"wpr-animation-wrap wpr-timeline-media\"><i aria-hidden=\"true\" class=\"fas fa-cross\"><\/i><\/div><div class=\"wpr-timeline-content-wrapper\"><div class=\"wpr-content-wrapper\"><p class=\"wpr-title-wrap\"><span class=\"wpr-title\">Cambiamento<\/span><\/p><div class=\"wpr-description\"><p>Morte di Heinz-Erich M\u00fcller-Buttmann.\nRainer Baehrens continua a gestire l'azienda da solo. <\/p><\/div><\/div><\/div><\/div>\n\t\t\t\t\t\t<\/div>\n\t\t\t\t<\/article><article class=\"wpr-timeline-entry wpr-right-aligned elementor-repeater-item-6b8892e\" data-item-id=\"elementor-repeater-item-6b8892e\"><time class=\"wpr-extra-label\" data-aos=\"fade-left\" data-aos-left=\"fade-right\" data-aos-right=\"fade-left\" data-animation-offset=\"150\" data-animation-duration=\"600\"><span class=\"wpr-label\">2002<\/span><span class=\"wpr-sub-label\">Espansione<\/span><\/time><div class=\"wpr-timeline-entry-inner\"><div class=\"wpr-main-line-icon wpr-icon\"><\/div><div class=\"wpr-story-info-vertical wpr-data-wrap \"  data-aos=\"fade-left\" data-aos-left=\"fade-right\" data-aos-right=\"fade-left\" data-animation-offset=\"150\" data-animation-duration=\"600\"><div class=\"wpr-animation-wrap wpr-timeline-media\"><i aria-hidden=\"true\" class=\"fas fa-warehouse\"><\/i><\/div><div class=\"wpr-timeline-content-wrapper\"><div class=\"wpr-content-wrapper\"><p class=\"wpr-title-wrap\"><span class=\"wpr-title\">Nuovo padiglione<\/span><\/p><div class=\"wpr-description\"><p>Messa in funzione del nuovo padiglione 6 e della fresa a portale Waldrich Coburg (peso dell'unit\u00e0 fino a 100 tonnellate).<\/p><\/div><\/div><\/div><\/div>\n\t\t\t\t\t\t<\/div>\n\t\t\t\t<\/article><article class=\"wpr-timeline-entry wpr-left-aligned elementor-repeater-item-f0fb558\" data-item-id=\"elementor-repeater-item-f0fb558\"><time class=\"wpr-extra-label\" data-aos=\"fade-right\" data-aos-left=\"fade-right\" data-aos-right=\"fade-left\" data-animation-offset=\"150\" data-animation-duration=\"600\"><span class=\"wpr-label\">2000<\/span><span class=\"wpr-sub-label\">Preciso<\/span><\/time><div class=\"wpr-timeline-entry-inner\"><div class=\"wpr-main-line-icon wpr-icon\"><\/div><div class=\"wpr-story-info-vertical wpr-data-wrap \"  data-aos=\"fade-right\" data-aos-left=\"fade-right\" data-aos-right=\"fade-left\" data-animation-offset=\"150\" data-animation-duration=\"600\"><div class=\"wpr-animation-wrap wpr-timeline-media\"><i aria-hidden=\"true\" class=\"far fa-chart-bar\"><\/i><\/div><div class=\"wpr-timeline-content-wrapper\"><div class=\"wpr-content-wrapper\"><p class=\"wpr-title-wrap\"><span class=\"wpr-title\">Piastre di raffreddamento e riscaldamento<\/span><\/p><div class=\"wpr-description\"><p>Espansione del settore delle piastre di riscaldamento e raffreddamento e messa in funzione di nuovi centri di fresatura e foratura profonda.<\/p><\/div><\/div><\/div><\/div>\n\t\t\t\t\t\t<\/div>\n\t\t\t\t<\/article><article class=\"wpr-timeline-entry wpr-right-aligned elementor-repeater-item-8b7c060\" data-item-id=\"elementor-repeater-item-8b7c060\"><time class=\"wpr-extra-label\" data-aos=\"fade-left\" data-aos-left=\"fade-right\" data-aos-right=\"fade-left\" data-animation-offset=\"150\" data-animation-duration=\"600\"><span class=\"wpr-label\">1998<\/span><span class=\"wpr-sub-label\">Riallineamento<\/span><\/time><div class=\"wpr-timeline-entry-inner\"><div class=\"wpr-main-line-icon wpr-icon\"><\/div><div class=\"wpr-story-info-vertical wpr-data-wrap \"  data-aos=\"fade-left\" data-aos-left=\"fade-right\" data-aos-right=\"fade-left\" data-animation-offset=\"150\" data-animation-duration=\"600\"><div class=\"wpr-animation-wrap wpr-timeline-media\"><i aria-hidden=\"true\" class=\"fas fa-check-double\"><\/i><\/div><div class=\"wpr-timeline-content-wrapper\"><div class=\"wpr-content-wrapper\"><p class=\"wpr-title-wrap\"><span class=\"wpr-title\">Modernizzazione<\/span><\/p><div class=\"wpr-description\"><p>Ampi programmi di investimento per modernizzare i sistemi esistenti e acquistare nuovi centri di fresatura e perforazione profonda.<\/p><\/div><\/div><\/div><\/div>\n\t\t\t\t\t\t<\/div>\n\t\t\t\t<\/article><article class=\"wpr-timeline-entry wpr-left-aligned elementor-repeater-item-07e0fb1\" data-item-id=\"elementor-repeater-item-07e0fb1\"><time class=\"wpr-extra-label\" data-aos=\"fade-right\" data-aos-left=\"fade-right\" data-aos-right=\"fade-left\" data-animation-offset=\"150\" data-animation-duration=\"600\"><span class=\"wpr-label\">1997<\/span><span class=\"wpr-sub-label\">Tutti i nuovi<\/span><\/time><div class=\"wpr-timeline-entry-inner\"><div class=\"wpr-main-line-icon wpr-icon\"><\/div><div class=\"wpr-story-info-vertical wpr-data-wrap \"  data-aos=\"fade-right\" data-aos-left=\"fade-right\" data-aos-right=\"fade-left\" data-animation-offset=\"150\" data-animation-duration=\"600\"><div class=\"wpr-animation-wrap wpr-timeline-media\"><i aria-hidden=\"true\" class=\"far fa-handshake\"><\/i><\/div><div class=\"wpr-timeline-content-wrapper\"><div class=\"wpr-content-wrapper\"><p class=\"wpr-title-wrap\"><span class=\"wpr-title\">L&#039;inizio di oggi<\/span><\/p><div class=\"wpr-description\"><p>Fondazione dell'attuale Lenser Pr\u00e4zisionstechnik GmbH &amp; Co KG da parte di Heinz-Erich M\u00fcller-Buttmann e Rainer Baehrens.<\/p><\/div><\/div><\/div><\/div>\n\t\t\t\t\t\t<\/div>\n\t\t\t\t<\/article><article class=\"wpr-timeline-entry wpr-right-aligned elementor-repeater-item-dad4c74\" data-item-id=\"elementor-repeater-item-dad4c74\"><time class=\"wpr-extra-label\" data-aos=\"fade-left\" data-aos-left=\"fade-right\" data-aos-right=\"fade-left\" data-animation-offset=\"150\" data-animation-duration=\"600\"><span class=\"wpr-label\">1965<\/span><span class=\"wpr-sub-label\">Sconvolgimento<\/span><\/time><div class=\"wpr-timeline-entry-inner\"><div class=\"wpr-main-line-icon wpr-icon\"><\/div><div class=\"wpr-story-info-vertical wpr-data-wrap \"  data-aos=\"fade-left\" data-aos-left=\"fade-right\" data-aos-right=\"fade-left\" data-animation-offset=\"150\" data-animation-duration=\"600\"><div class=\"wpr-animation-wrap wpr-timeline-media\"><i aria-hidden=\"true\" class=\"fas fa-user-friends\"><\/i><\/div><div class=\"wpr-timeline-content-wrapper\"><div class=\"wpr-content-wrapper\"><p class=\"wpr-title-wrap\"><span class=\"wpr-title\">Da padre a figlio<\/span><\/p><div class=\"wpr-description\"><p>Horst Lenser diventa Amministratore Delegato.<\/p><\/div><\/div><\/div><\/div>\n\t\t\t\t\t\t<\/div>\n\t\t\t\t<\/article><article class=\"wpr-timeline-entry wpr-left-aligned elementor-repeater-item-11f4f41\" data-item-id=\"elementor-repeater-item-11f4f41\"><time class=\"wpr-extra-label\" data-aos=\"fade-right\" data-aos-left=\"fade-right\" data-aos-right=\"fade-left\" data-animation-offset=\"150\" data-animation-duration=\"600\"><span class=\"wpr-label\">1948<\/span><span class=\"wpr-sub-label\">Fondazione<\/span><\/time><div class=\"wpr-timeline-entry-inner\"><div class=\"wpr-main-line-icon wpr-icon\"><\/div><div class=\"wpr-story-info-vertical wpr-data-wrap \"  data-aos=\"fade-right\" data-aos-left=\"fade-right\" data-aos-right=\"fade-left\" data-animation-offset=\"150\" data-animation-duration=\"600\"><div class=\"wpr-animation-wrap wpr-timeline-media\"><i aria-hidden=\"true\" class=\"far fa-flag\"><\/i><\/div><div class=\"wpr-timeline-content-wrapper\"><div class=\"wpr-content-wrapper\"><p class=\"wpr-title-wrap\"><span class=\"wpr-title\">Una nuova azienda<\/span><\/p><div class=\"wpr-description\"><p>Fondata da Kurt Lenser come azienda di ingegneria meccanica.<\/p><\/div><\/div><\/div><\/div>\n\t\t\t\t\t\t<\/div>\n\t\t\t\t<\/article><\/div>    \n\t\t\t<\/div>\t\t<\/div>\n\t\t\t\t<\/div>\n\t\t\t\t\t<\/div>\n\t\t<\/div>\n\t\t\t\t\t<\/div>\n\t\t<\/section>\n\t\t\t\t<section class=\"elementor-section elementor-top-section elementor-element elementor-element-12b63c8 elementor-section-boxed elementor-section-height-default elementor-section-height-default wpr-particle-no wpr-jarallax-no wpr-parallax-no wpr-sticky-section-no\" data-id=\"12b63c8\" data-element_type=\"section\">\n\t\t\t\t\t\t<div class=\"elementor-container elementor-column-gap-default\">\n\t\t\t\t\t<div class=\"elementor-column elementor-col-50 elementor-top-column elementor-element elementor-element-48bb59d\" data-id=\"48bb59d\" data-element_type=\"column\">\n\t\t\t<div class=\"elementor-widget-wrap elementor-element-populated\">\n\t\t\t\t\t\t<div class=\"elementor-element elementor-element-771e38c elementor-widget elementor-widget-heading\" data-id=\"771e38c\" data-element_type=\"widget\" data-widget_type=\"heading.default\">\n\t\t\t\t<div class=\"elementor-widget-container\">\n\t\t\t<h2 class=\"elementor-heading-title elementor-size-default\">Contattaci<\/h2>\t\t<\/div>\n\t\t\t\t<\/div>\n\t\t\t\t<section class=\"elementor-section elementor-inner-section elementor-element elementor-element-41de2ad elementor-section-boxed elementor-section-height-default elementor-section-height-default wpr-particle-no wpr-jarallax-no wpr-parallax-no wpr-sticky-section-no\" data-id=\"41de2ad\" data-element_type=\"section\">\n\t\t\t\t\t\t<div class=\"elementor-container elementor-column-gap-default\">\n\t\t\t\t\t<div class=\"elementor-column elementor-col-50 elementor-inner-column elementor-element elementor-element-65117e2\" data-id=\"65117e2\" data-element_type=\"column\">\n\t\t\t<div class=\"elementor-widget-wrap elementor-element-populated\">\n\t\t\t\t\t\t<div class=\"elementor-element elementor-element-6dc4e2e elementor-widget elementor-widget-heading\" data-id=\"6dc4e2e\" data-element_type=\"widget\" data-widget_type=\"heading.default\">\n\t\t\t\t<div class=\"elementor-widget-container\">\n\t\t\t<div class=\"elementor-heading-title elementor-size-default\">L'azienda<\/div>\t\t<\/div>\n\t\t\t\t<\/div>\n\t\t\t\t<div class=\"elementor-element elementor-element-f5bc370 elementor-widget elementor-widget-text-editor\" data-id=\"f5bc370\" data-element_type=\"widget\" data-widget_type=\"text-editor.default\">\n\t\t\t\t<div class=\"elementor-widget-container\">\n\t\t\t\t\t\t\t<p>Kemptener Str. 48 89250 Senden Germania<\/p>\n\t\t\t\t\t\t<\/div>\n\t\t\t\t<\/div>\n\t\t\t\t\t<\/div>\n\t\t<\/div>\n\t\t\t\t<div class=\"elementor-column elementor-col-50 elementor-inner-column elementor-element elementor-element-00ddc26\" data-id=\"00ddc26\" data-element_type=\"column\">\n\t\t\t<div class=\"elementor-widget-wrap elementor-element-populated\">\n\t\t\t\t\t\t<div class=\"elementor-element elementor-element-8adf196 elementor-widget elementor-widget-heading\" data-id=\"8adf196\" data-element_type=\"widget\" data-widget_type=\"heading.default\">\n\t\t\t\t<div class=\"elementor-widget-container\">\n\t\t\t<div class=\"elementor-heading-title elementor-size-default\">Contattaci<\/div>\t\t<\/div>\n\t\t\t\t<\/div>\n\t\t\t\t<div class=\"elementor-element elementor-element-46de2d8 elementor-widget elementor-widget-text-editor\" data-id=\"46de2d8\" data-element_type=\"widget\" data-widget_type=\"text-editor.default\">\n\t\t\t\t<div class=\"elementor-widget-container\">\n\t\t\t\t\t\t\t<p>Telefono: +49 7307 \/ 9051 0 Fax: +49 7307 \/ 3371 0 E-mail: info(at)lenser-praezision.de<\/p>\n\t\t\t\t\t\t<\/div>\n\t\t\t\t<\/div>\n\t\t\t\t\t<\/div>\n\t\t<\/div>\n\t\t\t\t\t<\/div>\n\t\t<\/section>\n\t\t\t\t<section class=\"elementor-section elementor-inner-section elementor-element elementor-element-8c4b59c elementor-section-boxed elementor-section-height-default elementor-section-height-default wpr-particle-no wpr-jarallax-no wpr-parallax-no wpr-sticky-section-no\" data-id=\"8c4b59c\" data-element_type=\"section\">\n\t\t\t\t\t\t<div class=\"elementor-container elementor-column-gap-default\">\n\t\t\t\t\t<div class=\"elementor-column elementor-col-50 elementor-inner-column elementor-element elementor-element-8631f46\" data-id=\"8631f46\" data-element_type=\"column\">\n\t\t\t<div class=\"elementor-widget-wrap elementor-element-populated\">\n\t\t\t\t\t\t<div class=\"elementor-element elementor-element-1b93e3b elementor-widget elementor-widget-heading\" data-id=\"1b93e3b\" data-element_type=\"widget\" data-widget_type=\"heading.default\">\n\t\t\t\t<div class=\"elementor-widget-container\">\n\t\t\t<div class=\"elementor-heading-title elementor-size-default\">Orari di apertura<\/div>\t\t<\/div>\n\t\t\t\t<\/div>\n\t\t\t\t<div class=\"elementor-element elementor-element-e435d32 elementor-widget elementor-widget-text-editor\" data-id=\"e435d32\" data-element_type=\"widget\" data-widget_type=\"text-editor.default\">\n\t\t\t\t<div class=\"elementor-widget-container\">\n\t\t\t\t\t\t\t<p>Lun &#8211; Gio 07:00 &#8211; 16:30 Ven 07:00 &#8211; 13:00<\/p>\n\t\t\t\t\t\t<\/div>\n\t\t\t\t<\/div>\n\t\t\t\t\t<\/div>\n\t\t<\/div>\n\t\t\t\t<div class=\"elementor-column elementor-col-50 elementor-inner-column elementor-element elementor-element-a520fdf\" data-id=\"a520fdf\" data-element_type=\"column\">\n\t\t\t<div class=\"elementor-widget-wrap elementor-element-populated\">\n\t\t\t\t\t\t<div class=\"elementor-element elementor-element-52cf6e9 elementor-widget elementor-widget-heading\" data-id=\"52cf6e9\" data-element_type=\"widget\" data-widget_type=\"heading.default\">\n\t\t\t\t<div class=\"elementor-widget-container\">\n\t\t\t<div class=\"elementor-heading-title elementor-size-default\">Seguici<\/div>\t\t<\/div>\n\t\t\t\t<\/div>\n\t\t\t\t<div class=\"elementor-element elementor-element-51c43e2 elementor-shape-square e-grid-align-left elementor-grid-0 elementor-widget elementor-widget-social-icons\" data-id=\"51c43e2\" data-element_type=\"widget\" data-widget_type=\"social-icons.default\">\n\t\t\t\t<div class=\"elementor-widget-container\">\n\t\t\t\t\t<div class=\"elementor-social-icons-wrapper elementor-grid\">\n\t\t\t\t\t\t\t<span class=\"elementor-grid-item\">\n\t\t\t\t\t<a class=\"elementor-icon elementor-social-icon elementor-social-icon-facebook-f elementor-animation-grow elementor-repeater-item-2d0da0c\" href=\"https:\/\/www.facebook.com\/Firma-Lenser-Pr%C3%A4zisionstechnik-463503777023397\/\" target=\"_blank\" rel=\"noopener\">\n\t\t\t\t\t\t<span class=\"elementor-screen-only\">Facebook-f<\/span>\n\t\t\t\t\t\t<i class=\"fab fa-facebook-f\"><\/i>\t\t\t\t\t<\/a>\n\t\t\t\t<\/span>\n\t\t\t\t\t\t\t<span class=\"elementor-grid-item\">\n\t\t\t\t\t<a class=\"elementor-icon elementor-social-icon elementor-social-icon-instagram elementor-animation-grow elementor-repeater-item-d271eb2\" href=\"https:\/\/lenser-praezision.de\/#\" target=\"_blank\">\n\t\t\t\t\t\t<span class=\"elementor-screen-only\">Instagram<\/span>\n\t\t\t\t\t\t<i class=\"fab fa-instagram\"><\/i>\t\t\t\t\t<\/a>\n\t\t\t\t<\/span>\n\t\t\t\t\t\t\t<span class=\"elementor-grid-item\">\n\t\t\t\t\t<a class=\"elementor-icon elementor-social-icon elementor-social-icon-linkedin elementor-animation-grow elementor-repeater-item-6d9d1eb\" href=\"https:\/\/lenser-praezision.de\/#\" target=\"_blank\">\n\t\t\t\t\t\t<span class=\"elementor-screen-only\">Linkedin<\/span>\n\t\t\t\t\t\t<i class=\"fab fa-linkedin\"><\/i>\t\t\t\t\t<\/a>\n\t\t\t\t<\/span>\n\t\t\t\t\t\t\t<span class=\"elementor-grid-item\">\n\t\t\t\t\t<a class=\"elementor-icon elementor-social-icon elementor-social-icon-xing elementor-animation-grow elementor-repeater-item-63eb844\" href=\"https:\/\/www.xing.com\/pages\/lenserpraezisionstechnikgmbh-co-kg\" target=\"_blank\" rel=\"noopener\">\n\t\t\t\t\t\t<span class=\"elementor-screen-only\">Xing<\/span>\n\t\t\t\t\t\t<i class=\"fab fa-xing\"><\/i>\t\t\t\t\t<\/a>\n\t\t\t\t<\/span>\n\t\t\t\t\t<\/div>\n\t\t\t\t<\/div>\n\t\t\t\t<\/div>\n\t\t\t\t\t<\/div>\n\t\t<\/div>\n\t\t\t\t\t<\/div>\n\t\t<\/section>\n\t\t\t\t\t<\/div>\n\t\t<\/div>\n\t\t\t\t<div class=\"elementor-column elementor-col-50 elementor-top-column elementor-element elementor-element-372d585\" data-id=\"372d585\" data-element_type=\"column\">\n\t\t\t<div class=\"elementor-widget-wrap elementor-element-populated\">\n\t\t\t\t\t\t<div class=\"elementor-element elementor-element-579571d elementor-widget elementor-widget-wpforms\" data-id=\"579571d\" data-element_type=\"widget\" data-widget_type=\"wpforms.default\">\n\t\t\t\t<div class=\"elementor-widget-container\">\n\t\t\t<div class=\"wpforms-container \" id=\"wpforms-11\"><form id=\"wpforms-form-11\" class=\"wpforms-validate wpforms-form\" data-formid=\"11\" method=\"post\" enctype=\"multipart\/form-data\" action=\"\/it\/wp-json\/wp\/v2\/pages\/3583\" data-token=\"b1a865392f992e9357f3b91b9537f16b\" data-token-time=\"1777655757\"><noscript class=\"wpforms-error-noscript\">Abilita JavaScript nel browser per completare questo modulo.<\/noscript><div class=\"wpforms-field-container\"><div id=\"wpforms-11-field_0-container\" class=\"wpforms-field wpforms-field-name\" data-field-id=\"0\"><label class=\"wpforms-field-label wpforms-label-hide\" for=\"wpforms-11-field_0\">Nome <span class=\"wpforms-required-label\">*<\/span><\/label><input type=\"text\" id=\"wpforms-11-field_0\" class=\"wpforms-field-large wpforms-field-required\" name=\"wpforms[fields][0]\" placeholder=\"Nome e cognome\" required><\/div><div id=\"wpforms-11-field_9-container\" class=\"wpforms-field wpforms-field-name\" data-field-id=\"9\"><label class=\"wpforms-field-label wpforms-label-hide\" for=\"wpforms-11-field_9\">Azienda<\/label><input type=\"text\" id=\"wpforms-11-field_9\" class=\"wpforms-field-large\" name=\"wpforms[fields][9]\" placeholder=\"La vostra azienda\" ><\/div><div id=\"wpforms-11-field_8-container\" class=\"wpforms-field wpforms-field-text\" data-field-id=\"8\"><label class=\"wpforms-field-label wpforms-label-hide\" for=\"wpforms-11-field_8\">Telefono<\/label><input type=\"text\" id=\"wpforms-11-field_8\" class=\"wpforms-field-large\" name=\"wpforms[fields][8]\" placeholder=\"Il vostro numero di telefono\" ><\/div><div id=\"wpforms-11-field_7-container\" class=\"wpforms-field wpforms-field-email\" data-field-id=\"7\"><label class=\"wpforms-field-label wpforms-label-hide\" for=\"wpforms-11-field_7\">E-mail <span class=\"wpforms-required-label\">*<\/span><\/label><input type=\"email\" id=\"wpforms-11-field_7\" class=\"wpforms-field-large wpforms-field-required\" name=\"wpforms[fields][7]\" placeholder=\"Il vostro indirizzo e-mail\" spellcheck=\"false\" required><\/div><div id=\"wpforms-11-field_2-container\" class=\"wpforms-field wpforms-field-textarea\" data-field-id=\"2\"><label class=\"wpforms-field-label wpforms-label-hide\" for=\"wpforms-11-field_2\">Messaggio <span class=\"wpforms-required-label\">*<\/span><\/label><textarea id=\"wpforms-11-field_2\" class=\"wpforms-field-medium wpforms-field-required\" name=\"wpforms[fields][2]\" placeholder=\"Come possiamo aiutarvi?\" required><\/textarea><\/div><\/div><!-- .wpforms-field-container --><div class=\"wpforms-submit-container\" ><input type=\"hidden\" name=\"wpforms[id]\" value=\"11\"><input type=\"hidden\" name=\"page_title\" value=\"\"><input type=\"hidden\" name=\"page_url\" value=\"https:\/\/lenser-praezision.de\/it\/wp-json\/wp\/v2\/pages\/3583\"><button type=\"submit\" name=\"wpforms[submit]\" id=\"wpforms-submit-11\" class=\"wpforms-submit\" data-alt-text=\"Spediamo...\" data-submit-text=\"Inviare\" aria-live=\"assertive\" value=\"wpforms-submit\">Inviare<\/button><\/div><\/form><\/div>  <!-- .wpforms-container -->\t\t<\/div>\n\t\t\t\t<\/div>\n\t\t\t\t\t<\/div>\n\t\t<\/div>\n\t\t\t\t\t<\/div>\n\t\t<\/section>\n\t\t\t\t<section class=\"elementor-section elementor-top-section elementor-element elementor-element-38f29c3 elementor-section-boxed elementor-section-height-default elementor-section-height-default wpr-particle-no wpr-jarallax-no wpr-parallax-no wpr-sticky-section-no\" data-id=\"38f29c3\" data-element_type=\"section\">\n\t\t\t\t\t\t<div class=\"elementor-container elementor-column-gap-default\">\n\t\t\t\t\t<div class=\"elementor-column elementor-col-100 elementor-top-column elementor-element elementor-element-94c438e\" data-id=\"94c438e\" data-element_type=\"column\">\n\t\t\t<div class=\"elementor-widget-wrap elementor-element-populated\">\n\t\t\t\t\t\t<div class=\"elementor-element elementor-element-7765440 elementor-widget elementor-widget-google_maps\" data-id=\"7765440\" data-element_type=\"widget\" data-widget_type=\"google_maps.default\">\n\t\t\t\t<div class=\"elementor-widget-container\">\n\t\t\t\t\t<div class=\"elementor-custom-embed\">\n\t\t\t<iframe loading=\"lazy\"\n\t\t\t\t\tsrc=\"https:\/\/maps.google.com\/maps?q=Lenser%20Pr%C3%A4zisionstechnik&#038;t=m&#038;z=10&#038;output=embed&#038;iwloc=near\"\n\t\t\t\t\ttitle=\"Lenser Pr\u00e4zisionstechnik\"\n\t\t\t\t\taria-label=\"Lenser Pr\u00e4zisionstechnik\"\n\t\t\t><\/iframe>\n\t\t<\/div>\n\t\t\t\t<\/div>\n\t\t\t\t<\/div>\n\t\t\t\t\t<\/div>\n\t\t<\/div>\n\t\t\t\t\t<\/div>\n\t\t<\/section>\n\t\t\t\t<section class=\"elementor-section elementor-top-section elementor-element elementor-element-3e24711e0 elementor-section-boxed elementor-section-height-default elementor-section-height-default wpr-particle-no wpr-jarallax-no wpr-parallax-no wpr-sticky-section-no\" data-id=\"3e24711e0\" data-element_type=\"section\">\n\t\t\t\t\t\t<div class=\"elementor-container elementor-column-gap-default\">\n\t\t\t\t\t<div class=\"elementor-column elementor-col-100 elementor-top-column elementor-element elementor-element-12b83b88\" data-id=\"12b83b88\" data-element_type=\"column\">\n\t\t\t<div class=\"elementor-widget-wrap elementor-element-populated\">\n\t\t\t\t\t\t<div class=\"elementor-element elementor-element-65ed0e55 elementor-widget elementor-widget-spacer\" data-id=\"65ed0e55\" data-element_type=\"widget\" data-widget_type=\"spacer.default\">\n\t\t\t\t<div class=\"elementor-widget-container\">\n\t\t\t\t\t<div class=\"elementor-spacer\">\n\t\t\t<div class=\"elementor-spacer-inner\"><\/div>\n\t\t<\/div>\n\t\t\t\t<\/div>\n\t\t\t\t<\/div>\n\t\t\t\t\t<\/div>\n\t\t<\/div>\n\t\t\t\t\t<\/div>\n\t\t<\/section>\n\t\t\t\t<\/div>\n\t\t","protected":false},"excerpt":{"rendered":"<p>L&#8217;azienda Lenser Pr\u00e4zisionstechnik GmbH \u00e8 leader internazionale nella produzione di piastre di riscaldamento e raffreddamento per presse idrauliche a Senden an der Iller, nella zona di Ulm. Per saperne di pi\u00f9 Il tuo professionista della precisione Da oltre 70 anni Come azienda di medie dimensioni, Lenser Pr\u00e4zisionstechnik si \u00e8 dedicata alla precisa lavorazione superficiale di<\/p>\n","protected":false},"author":1,"featured_media":0,"parent":0,"menu_order":0,"comment_status":"closed","ping_status":"closed","template":"","meta":{"rank_math_lock_modified_date":false,"site-sidebar-layout":"no-sidebar","site-content-layout":"page-builder","ast-site-content-layout":"","site-content-style":"default","site-sidebar-style":"default","ast-global-header-display":"","ast-banner-title-visibility":"","ast-main-header-display":"","ast-hfb-above-header-display":"","ast-hfb-below-header-display":"","ast-hfb-mobile-header-display":"","site-post-title":"disabled","ast-breadcrumbs-content":"disabled","ast-featured-img":"disabled","footer-sml-layout":"","theme-transparent-header-meta":"enabled","adv-header-id-meta":"","stick-header-meta":"","header-above-stick-meta":"","header-main-stick-meta":"","header-below-stick-meta":"","astra-migrate-meta-layouts":"default","ast-page-background-enabled":"default","ast-page-background-meta":{"desktop":{"background-color":"","background-image":"","background-repeat":"repeat","background-position":"center center","background-size":"auto","background-attachment":"scroll","background-type":"","background-media":"","overlay-type":"","overlay-color":"","overlay-opacity":"","overlay-gradient":""},"tablet":{"background-color":"","background-image":"","background-repeat":"repeat","background-position":"center center","background-size":"auto","background-attachment":"scroll","background-type":"","background-media":"","overlay-type":"","overlay-color":"","overlay-opacity":"","overlay-gradient":""},"mobile":{"background-color":"","background-image":"","background-repeat":"repeat","background-position":"center center","background-size":"auto","background-attachment":"scroll","background-type":"","background-media":"","overlay-type":"","overlay-color":"","overlay-opacity":"","overlay-gradient":""}},"ast-content-background-meta":{"desktop":{"background-color":"var(--ast-global-color-5)","background-image":"","background-repeat":"repeat","background-position":"center center","background-size":"auto","background-attachment":"scroll","background-type":"","background-media":"","overlay-type":"","overlay-color":"","overlay-opacity":"","overlay-gradient":""},"tablet":{"background-color":"var(--ast-global-color-5)","background-image":"","background-repeat":"repeat","background-position":"center center","background-size":"auto","background-attachment":"scroll","background-type":"","background-media":"","overlay-type":"","overlay-color":"","overlay-opacity":"","overlay-gradient":""},"mobile":{"background-color":"var(--ast-global-color-5)","background-image":"","background-repeat":"repeat","background-position":"center center","background-size":"auto","background-attachment":"scroll","background-type":"","background-media":"","overlay-type":"","overlay-color":"","overlay-opacity":"","overlay-gradient":""}},"footnotes":""},"class_list":["post-3583","page","type-page","status-publish","hentry"],"_links":{"self":[{"href":"https:\/\/lenser-praezision.de\/it\/wp-json\/wp\/v2\/pages\/3583","targetHints":{"allow":["GET"]}}],"collection":[{"href":"https:\/\/lenser-praezision.de\/it\/wp-json\/wp\/v2\/pages"}],"about":[{"href":"https:\/\/lenser-praezision.de\/it\/wp-json\/wp\/v2\/types\/page"}],"author":[{"embeddable":true,"href":"https:\/\/lenser-praezision.de\/it\/wp-json\/wp\/v2\/users\/1"}],"replies":[{"embeddable":true,"href":"https:\/\/lenser-praezision.de\/it\/wp-json\/wp\/v2\/comments?post=3583"}],"version-history":[{"count":5,"href":"https:\/\/lenser-praezision.de\/it\/wp-json\/wp\/v2\/pages\/3583\/revisions"}],"predecessor-version":[{"id":4143,"href":"https:\/\/lenser-praezision.de\/it\/wp-json\/wp\/v2\/pages\/3583\/revisions\/4143"}],"wp:attachment":[{"href":"https:\/\/lenser-praezision.de\/it\/wp-json\/wp\/v2\/media?parent=3583"}],"curies":[{"name":"wp","href":"https:\/\/api.w.org\/{rel}","templated":true}]}}